{"id":51,"date":"2016-04-26T17:01:55","date_gmt":"2016-04-26T16:01:55","guid":{"rendered":"http:\/\/2lautcote.be\/?page_id=51"},"modified":"2021-10-22T10:38:18","modified_gmt":"2021-10-22T08:38:18","slug":"les-expos-2","status":"publish","type":"page","link":"http:\/\/2lautcote.be\/index.php\/les-expos-2\/","title":{"rendered":"Les expos"},"content":{"rendered":"<h3 class=\"_5pbw _5vra _11dd\" style=\"text-align: justify;\" data-ft=\"{&quot;tn&quot;:&quot;C&quot;}\"><span style=\"color: #ff9900;\">Envie de proposer quelque chose ?<\/span><\/h3>\n<p class=\"_5pbw _5vra _11dd\" style=\"text-align: justify;\" data-ft=\"{&quot;tn&quot;:&quot;C&quot;}\">D\u00e9but 2016, l\u2019espace citoyen 2l\u2019Aut\u2019C\u00f4t\u00e9 d\u00e9m\u00e9nage pour s\u2019installer dans l\u2019ancien Magasin \u00ab Tous Sports \u00bb &#8211; 10, rue St Pierre \u00e0 Mouscron. Le lieu a \u00e9t\u00e9 restaur\u00e9 essentiellement avec des mat\u00e9riaux de r\u00e9cup\u00e9ration et le r\u00e9sultat est vraiment int\u00e9ressant car il donne aujourd\u2019hui, \u00e0 ce caf\u00e9, un aspect loft, un style industriel.<\/p>\n<p>Avec derri\u00e8re eux, d\u00e9j\u00e0, des so<span class=\"text_exposed_show\">ir\u00e9es m\u00e9morables comme l\u2019ouverture du lieu et l\u2019Eurofoot, 2l\u2019Aut\u2019C\u00f4t\u00e9 d\u00e9marre sur des chapeaux de roue.&nbsp;<\/span><\/p>\n<p><strong>Les projets de l&rsquo;espace citoyen&#8230;<\/strong><\/p>\n<p class=\"_5pbw _5vra _11dd\" style=\"text-align: justify;\" data-ft=\"{&quot;tn&quot;:&quot;C&quot;}\"><span class=\"text_exposed_show\">De nombreux projets sont en cours, avec \u00e9videmment les futures 24H00 en Course Libre, le dernier WE de Septembre, la projection du film \u00ab Demain \u00bb, en octobre, les tables des Rois mages, en d\u00e9cembre. Mais aussi, des ap\u00e9ros pour aider des projets, les ateliers tricoth\u00e9, des concerts en perspective, \u00e0 venir aussi un repair caf\u00e9\u2026<\/span><\/p>\n<p>La philosophie de l\u2019espace citoyen : accueil, \u00e9ducation permanente, b\u00e9n\u00e9volat, relations Nord-Sud, ouverture, culture, sensibilisation \u00e0 l\u2019action humanitaire, convivialit\u00e9\u2026.<\/p>\n<p>Dans ce cadre l\u00e0, l\u2019ASBL Espace Citoyen va vous concocter r\u00e9guli\u00e8rement des expos.<\/p>\n<p>&nbsp;<\/p>\n<p>&nbsp;<\/p>\n<p>Archives :<\/p>\n<h2><a href=\"http:\/\/2lautcote.be\/index.php\/2021\/08\/16\/expo-un-autre-regard\/\" target=\"_blank\" rel=\"noopener\">Un autre regard<\/a> [ao\u00fbt 2021]<\/h2>\n<p><a href=\"http:\/\/2lautcote.be\/index.php\/2021\/08\/16\/expo-un-autre-regard\/\" target=\"_blank\" rel=\"noopener\"><img loading=\"lazy\" decoding=\"async\" class=\"alignnone size-medium wp-image-4373\" src=\"http:\/\/2lautcote.be\/wp-content\/uploads\/2021\/08\/ExpoUnAutreRegard-212x300.png\" alt=\"\" width=\"212\" height=\"300\" srcset=\"http:\/\/2lautcote.be\/wp-content\/uploads\/2021\/08\/ExpoUnAutreRegard-212x300.png 212w, http:\/\/2lautcote.be\/wp-content\/uploads\/2021\/08\/ExpoUnAutreRegard-768x1087.png 768w, http:\/\/2lautcote.be\/wp-content\/uploads\/2021\/08\/ExpoUnAutreRegard-723x1024.png 723w, http:\/\/2lautcote.be\/wp-content\/uploads\/2021\/08\/ExpoUnAutreRegard-17x24.png 17w, http:\/\/2lautcote.be\/wp-content\/uploads\/2021\/08\/ExpoUnAutreRegard-25x36.png 25w, http:\/\/2lautcote.be\/wp-content\/uploads\/2021\/08\/ExpoUnAutreRegard-34x48.png 34w, http:\/\/2lautcote.be\/wp-content\/uploads\/2021\/08\/ExpoUnAutreRegard.png 904w\" sizes=\"auto, (max-width: 212px) 100vw, 212px\" \/><\/a><\/p>\n<p><a href=\"https:\/\/www.facebook.com\/events\/2998328490431715\/\" target=\"_blank\" rel=\"noopener\">Un autre regard : vernissage de l&rsquo;exposition | Facebook<\/a><\/p>\n<hr>\n<h2><a href=\"http:\/\/2lautcote.be\/index.php\/2018\/03\/01\/expo-melodies-naturelles\/\" target=\"_blank\" rel=\"noopener\">M\u00e9lodies Naturelles<\/a> [mars 2018]<\/h2>\n<p><a href=\"http:\/\/2lautcote.be\/index.php\/2018\/03\/01\/expo-melodies-naturelles\/\" target=\"_blank\" rel=\"noopener\"><img loading=\"lazy\" decoding=\"async\" class=\"alignnone size-medium wp-image-2229\" src=\"http:\/\/2lautcote.be\/wp-content\/uploads\/2018\/02\/expo-M\u00e9lodies-Naturelles-2018-03-03-212x300.jpg\" alt=\"\" width=\"212\" height=\"300\" srcset=\"http:\/\/2lautcote.be\/wp-content\/uploads\/2018\/02\/expo-M\u00e9lodies-Naturelles-2018-03-03-212x300.jpg 212w, http:\/\/2lautcote.be\/wp-content\/uploads\/2018\/02\/expo-M\u00e9lodies-Naturelles-2018-03-03-768x1086.jpg 768w, http:\/\/2lautcote.be\/wp-content\/uploads\/2018\/02\/expo-M\u00e9lodies-Naturelles-2018-03-03-724x1024.jpg 724w, http:\/\/2lautcote.be\/wp-content\/uploads\/2018\/02\/expo-M\u00e9lodies-Naturelles-2018-03-03-17x24.jpg 17w, http:\/\/2lautcote.be\/wp-content\/uploads\/2018\/02\/expo-M\u00e9lodies-Naturelles-2018-03-03-25x36.jpg 25w, http:\/\/2lautcote.be\/wp-content\/uploads\/2018\/02\/expo-M\u00e9lodies-Naturelles-2018-03-03-34x48.jpg 34w\" sizes=\"auto, (max-width: 212px) 100vw, 212px\" \/><\/a><\/p>\n<p><a href=\"https:\/\/www.facebook.com\/events\/1772954852727555\/\" target=\"_blank\" rel=\"noopener\">Expo M\u00e9lodies Naturelles | Facebook<\/a><\/p>\n<hr>\n<h2><a href=\"http:\/\/2lautcote.be\/index.php\/2017\/09\/28\/expo-colore-le-monde\/\" target=\"_blank\" rel=\"noopener\">Colore le monde<\/a> [octobre 2017]<\/h2>\n<p>Fresque monumentale colori\u00e9e par les enfants lors de 24h.<\/p>\n<p><a href=\"http:\/\/2lautcote.be\/index.php\/2017\/09\/28\/expo-colore-le-monde\/\" target=\"_blank\" rel=\"noopener\"><img loading=\"lazy\" decoding=\"async\" class=\"alignnone size-medium wp-image-1596\" src=\"http:\/\/2lautcote.be\/wp-content\/uploads\/2017\/09\/expo_enfants_24H-212x300.jpg\" alt=\"\" width=\"212\" height=\"300\" srcset=\"http:\/\/2lautcote.be\/wp-content\/uploads\/2017\/09\/expo_enfants_24H-212x300.jpg 212w, http:\/\/2lautcote.be\/wp-content\/uploads\/2017\/09\/expo_enfants_24H-768x1086.jpg 768w, http:\/\/2lautcote.be\/wp-content\/uploads\/2017\/09\/expo_enfants_24H-724x1024.jpg 724w, http:\/\/2lautcote.be\/wp-content\/uploads\/2017\/09\/expo_enfants_24H-17x24.jpg 17w, http:\/\/2lautcote.be\/wp-content\/uploads\/2017\/09\/expo_enfants_24H-25x36.jpg 25w, http:\/\/2lautcote.be\/wp-content\/uploads\/2017\/09\/expo_enfants_24H-34x48.jpg 34w, http:\/\/2lautcote.be\/wp-content\/uploads\/2017\/09\/expo_enfants_24H.jpg 1307w\" sizes=\"auto, (max-width: 212px) 100vw, 212px\" \/><\/a><\/p>\n<hr>\n<h2><a href=\"http:\/\/2lautcote.be\/index.php\/2017\/03\/22\/expo-le-sensible\/\" target=\"_blank\" rel=\"noopener\">Le sensible<\/a> [avril 2017]<\/h2>\n<p>NOEMIE VANASSCHE<br \/>\nKIMI SOENS<\/p>\n<p><a href=\"http:\/\/2lautcote.be\/index.php\/2017\/03\/22\/expo-le-sensible\/\" target=\"_blank\" rel=\"noopener\"><img loading=\"lazy\" decoding=\"async\" class=\"alignnone size-medium wp-image-1135\" src=\"http:\/\/2lautcote.be\/wp-content\/uploads\/2017\/03\/AFFICHE_Expo_LeSensible-212x300.jpg\" alt=\"\" width=\"212\" height=\"300\" srcset=\"http:\/\/2lautcote.be\/wp-content\/uploads\/2017\/03\/AFFICHE_Expo_LeSensible-212x300.jpg 212w, http:\/\/2lautcote.be\/wp-content\/uploads\/2017\/03\/AFFICHE_Expo_LeSensible-768x1086.jpg 768w, http:\/\/2lautcote.be\/wp-content\/uploads\/2017\/03\/AFFICHE_Expo_LeSensible-724x1024.jpg 724w, http:\/\/2lautcote.be\/wp-content\/uploads\/2017\/03\/AFFICHE_Expo_LeSensible-17x24.jpg 17w, http:\/\/2lautcote.be\/wp-content\/uploads\/2017\/03\/AFFICHE_Expo_LeSensible-25x36.jpg 25w, http:\/\/2lautcote.be\/wp-content\/uploads\/2017\/03\/AFFICHE_Expo_LeSensible-34x48.jpg 34w\" sizes=\"auto, (max-width: 212px) 100vw, 212px\" \/><\/a><\/p>\n<hr>\n<h2><a href=\"https:\/\/www.facebook.com\/exposition5\/?fref=nf\" target=\"_blank\" rel=\"noopener\" data-hovercard=\"\/ajax\/hovercard\/page.php?id=236444696756374&amp;extragetparams=%7B%22fref%22%3A%22nf%22%7D\">Pr\u00e9sences Contemporaines<\/a> [sept 2016]<\/h2>\n<p><img loading=\"lazy\" decoding=\"async\" class=\"size-medium wp-image-477 alignnone\" src=\"http:\/\/2lautcote.be\/wp-content\/uploads\/2016\/04\/14054361_236465450087632_5371510871181954218_o-300x261.jpg\" alt=\"14054361_236465450087632_5371510871181954218_o\" width=\"300\" height=\"261\" srcset=\"http:\/\/2lautcote.be\/wp-content\/uploads\/2016\/04\/14054361_236465450087632_5371510871181954218_o-300x261.jpg 300w, http:\/\/2lautcote.be\/wp-content\/uploads\/2016\/04\/14054361_236465450087632_5371510871181954218_o-768x668.jpg 768w, http:\/\/2lautcote.be\/wp-content\/uploads\/2016\/04\/14054361_236465450087632_5371510871181954218_o-1024x890.jpg 1024w, http:\/\/2lautcote.be\/wp-content\/uploads\/2016\/04\/14054361_236465450087632_5371510871181954218_o.jpg 1715w\" sizes=\"auto, (max-width: 300px) 100vw, 300px\" \/><\/p>\n<h3 class=\"_5pbw _5vra _11dd\" style=\"text-align: justify;\" data-ft=\"{&quot;tn&quot;:&quot;C&quot;}\"><span style=\"color: #ff9900;\">Une expo avec des tableaux et des meubles!<\/span><\/h3>\n<p>C\u2019est intuitivement qu\u2019Isabelle Leveugle, Corinne B\u00e9aghe, Barbara Veys et Dorine Lalande projettent peinture ou \u00e9choline sur la toile ou r\u00e9inventent un futur \u00e0 un objet, un meuble usager. Elles exposent ainsi \u00e0 notre regard des \u0153uvres empreintes de leur sensibilit\u00e9. Leur art s\u2019adresse aux sens, aux \u00e9motions, aux intuitions mais aussi \u00e0 notre intellect. Nos quatre cr\u00e9atrices s\u2019inscrivent dans la mouvance des artistes qui ont une vision \u00e9cologique et citoyenne. C\u2019est avec leurs \u0153uvres, qu\u2019elles impriment chacune leur pr\u00e9sence au monde d\u2019aujourd\u2019hui. Ces quatre femmes pr\u00f4nent, en effet, une soci\u00e9t\u00e9 plus solidaire, plus \u00e9cologique, plus belle.<\/p>\n<p class=\"_5pbw _5vra _11dd\" style=\"text-align: justify;\" data-ft=\"{&quot;tn&quot;:&quot;C&quot;}\">Dans ce lieu qui bouge, elle accueille,<strong> le vendredi 16 et le dimanche 18 septembre,<\/strong> l\u2019exposition \u00ab PRESENCES CONTEMPORAINES \u00bb, un partenariat qui cadre bien avec sa philosophie.<\/p>\n<p class=\"_5pbw _5vra _11dd\" style=\"text-align: justify;\" data-ft=\"{&quot;tn&quot;:&quot;C&quot;}\"><a href=\"https:\/\/www.facebook.com\/events\/1777687745841969\/\" target=\"_blank\" rel=\"noopener\">Exposition \u00ab\u00a0Pr\u00e9sences Contemporaines\u00a0\u00bb | Facebook<\/a><\/p>\n","protected":false},"excerpt":{"rendered":"<p>Envie de proposer quelque chose ? D\u00e9but 2016, l\u2019espace citoyen 2l\u2019Aut\u2019C\u00f4t\u00e9 d\u00e9m\u00e9nage pour s\u2019installer dans l\u2019ancien&hellip;<\/p>\n","protected":false},"author":1,"featured_media":0,"parent":0,"menu_order":0,"comment_status":"closed","ping_status":"closed","template":"","meta":{"ngg_post_thumbnail":0,"footnotes":""},"class_list":["post-51","page","type-page","status-publish","hentry"],"_links":{"self":[{"href":"http:\/\/2lautcote.be\/index.php\/wp-json\/wp\/v2\/pages\/51","targetHints":{"allow":["GET"]}}],"collection":[{"href":"http:\/\/2lautcote.be\/index.php\/wp-json\/wp\/v2\/pages"}],"about":[{"href":"http:\/\/2lautcote.be\/index.php\/wp-json\/wp\/v2\/types\/page"}],"author":[{"embeddable":true,"href":"http:\/\/2lautcote.be\/index.php\/wp-json\/wp\/v2\/users\/1"}],"replies":[{"embeddable":true,"href":"http:\/\/2lautcote.be\/index.php\/wp-json\/wp\/v2\/comments?post=51"}],"version-history":[{"count":20,"href":"http:\/\/2lautcote.be\/index.php\/wp-json\/wp\/v2\/pages\/51\/revisions"}],"predecessor-version":[{"id":4504,"href":"http:\/\/2lautcote.be\/index.php\/wp-json\/wp\/v2\/pages\/51\/revisions\/4504"}],"wp:attachment":[{"href":"http:\/\/2lautcote.be\/index.php\/wp-json\/wp\/v2\/media?parent=51"}],"curies":[{"name":"wp","href":"https:\/\/api.w.org\/{rel}","templated":true}]}}